{"id":2610,"date":"2020-12-01T11:50:56","date_gmt":"2020-12-01T09:50:56","guid":{"rendered":"https:\/\/www.ccosmetics.net\/?page_id=2610"},"modified":"2020-12-23T13:37:55","modified_gmt":"2020-12-23T11:37:55","slug":"politica-de-privacitat","status":"publish","type":"page","link":"https:\/\/www.ccosmetics.net\/ca\/politica-de-privacitat\/","title":{"rendered":"Pol\u00edtica de privacitat"},"content":{"rendered":"<h4 class=\"wp-block-heading\">Av\u00eds legal<\/h4><p>En compliment amb el deure d&#8217;informaci\u00f3 recollit en l&#8217;article 10 de la Llei 34\/2002, de 11 de juliol, de Serveis de la Societat de la Informaci\u00f3 i de Comer\u00e7 Electr\u00f2nic, a continuaci\u00f3 es faciliten les seg\u00fcents dades: l&#8217;empresa titular de l&#8217;domini web \u00e9s CC SCP (en endavant CC), amb domicili a Carrer Nord 2, baixos de Vic (08500) Barcelona amb CIF: J-66.501.552. Correu electr\u00f2nic de contacte: hola@ccosmetics.net.<\/p><h4 class=\"wp-block-heading\">Protecci\u00f3 de dades<\/h4><p>CC creadora del lloc web compleix amb les directrius de la Llei Org\u00e0nica 15\/1999 de 13 de desembre de protecci\u00f3 de dades de car\u00e0cter personal, al Reial Decret 1720\/2007 de 21 de desembre, pel qual s&#8217;aprova el reglament de desenvolupament de la Llei Org\u00e0nica i altra normativa vigent en cada moment, i vetlla per garantir un correcte \u00fas i tractament de les dades personals de l&#8217;usuari. Per aquest motiu, a la banda de cada formulari de recollida de dades de car\u00e0cter personal, en els serveis que l&#8217;usuari pugui sol\u00b7licitar a CC creadora de la p\u00e0gina web, es notificar\u00e0 a l&#8217;usuari de l&#8217;exist\u00e8ncia i acceptaci\u00f3 de les condicions particulars de l&#8217;tractament de les seves dades en cada cas, informant-li de la responsabilitat de l&#8217;fitxer creat, la direcci\u00f3 de l&#8217;responsable, la possibilitat d&#8217;exercir els seus drets d&#8217;acc\u00e9s, rectificaci\u00f3, cancel\u00b7laci\u00f3 o oposici\u00f3, la finalitat de l&#8217;tractament i les comunicacions de dades a tercers si fos el cas. Podeu trobar formularis per a l&#8217;exercici dels seus drets en el lloc web de <a href=\"http:\/\/www.agpd.es\/\" target=\"_blank\" rel=\"noopener\">l&#8217;Ag\u00e8ncia de Protecci\u00f3 de Dades<\/a>.<\/p><p>Aix\u00ed mateix, CC creadora del lloc web informa que d\u00f3na compliment a la Llei 34\/2002 d&#8217;11 de juliol, de Serveis de la Societat de la Informaci\u00f3 i de Comer\u00e7 Electr\u00f2nic i li sol\u00b7licitar\u00e0 el seu consentiment a l&#8217;tractament del seu correu electr\u00f2nic amb fins comercials a cada moment.&#13;\nAquestes dades queden incloses en els nostres fitxers, que es troben convenientment inscrits en el Registre de l&#8217;Ag\u00e8ncia de Protecci\u00f3 de Dades.<\/p><p>Sense perjudici de les finalitats que en cada cas s&#8217;indiquen, aquesta informaci\u00f3 ser\u00e0 arxivada i gestionada amb la seva deguda confidencialitat, aplicant les mesures de seguretat inform\u00e0tica que estableix la legislaci\u00f3 aplicable per impedir l&#8217;acc\u00e9s o \u00fas indegut de les seves dades, la seva manipulaci\u00f3, deteriorament o p\u00e8rdua.<\/p><h4 class=\"wp-block-heading\">Usuaris<\/h4><p>L&#8217;acc\u00e9s i \/ o \u00fas d&#8217;aquest portal d&#8217;C.C creadora del lloc web atribueix la condici\u00f3 d&#8217;USUARI, que accepta, des d&#8217;aquest acc\u00e9s i \/ o \u00fas, les condicions generals d&#8217;\u00fas aqu\u00ed detallades. Aquestes condicions s&#8217;aplicaran independentment de les condicions generals de contractaci\u00f3 que si afecta resultin d&#8217;obligat compliment.<\/p><h4 class=\"wp-block-heading\">\u00das del portal<\/h4><div class=\"wp-block-group\"><div class=\"wp-block-group__inner-container is-layout-flow wp-block-group-is-layout-flow\"><ul class=\"wp-block-list\"><li>Cal indicar que el domini proporciona l&#8217;acc\u00e9s a multitud d&#8217;informacions, serveis, programes o dades (des d&#8217;ara, &#8220;els continguts&#8221;) a Internet pertanyents a C.C creadora del lloc web o als seus llicenciants als quals l&#8217;USUARI pugui tenir acc\u00e9s.<\/li><li>L&#8217;USUARI assumeix la responsabilitat de l&#8217;\u00fas de l&#8217;portal.<\/li><li>Aquesta responsabilitat s&#8217;est\u00e9n a l&#8217;registre que fos necessari per accedir a determinats serveis o continguts.<\/li><li>En aquest registre l&#8217;USUARI ser\u00e0 responsable d&#8217;aportar informaci\u00f3 vera\u00e7 i l\u00edcita.<\/li><li>Com a conseq\u00fc\u00e8ncia d&#8217;aquest registre, a l&#8217;USUARI se li pot proporcionar una contrasenya de la qual ser\u00e0 responsable, comprometent-se a fer un \u00fas diligent i confidencial de la mateixa.<\/li><li>L&#8217;USUARI es compromet a fer un \u00fas adequat dels continguts i serveis que CC creadora del lloc web ofereix a trav\u00e9s del seu portal i amb car\u00e0cter enunciatiu per\u00f2 no limitador, a no emprar-los per a inc\u00f3rrer en activitats il\u00b7l\u00edcites, il\u00b7legals o contr\u00e0ries a la bona fe i ordre p\u00fablic; no difondre continguts o propaganda de car\u00e0cter racista, xen\u00f2fob, pornogr\u00e0fic, d&#8217;apologia de terrorisme que atempti contra els drets humans; no provocar danys en els sistemes f\u00edsics i l\u00f2gics de C.C creadora del lloc web, dels seus prove\u00efdors o de terceres persones, introduir o difondre a la xarxa virus inform\u00e0tics o altres sistemes f\u00edsics o l\u00f2gics que siguin susceptibles de provocar els danys anteriorment detallats; no intentar accedir i, si s&#8217;escau, utilitzar els comptes de correu electr\u00f2nic d&#8217;altres usuaris i modificar o manipular els seus missatges.<\/li><li>CC creadora del lloc web es reserva el dret de retirar tots aquells comentaris i aportacions que vulnerin el respecte a la dignitat de la persona, que siguin discriminatoris, xen\u00f2fobs, racistes, pornogr\u00e0fics, que atemptin contra la joventut o la inf\u00e0ncia, l&#8217;ordre o la seguretat p\u00fablica o que, al seu vista, no resultessin adequats per a la seva publicaci\u00f3.<\/li><li>En qualsevol cas, C.C creadora del lloc web no ser\u00e0 responsable de les opinions manifestades pels seus usuaris a trav\u00e9s de f\u00f2rums, xats, o altres formes de participaci\u00f3.<\/li><\/ul>\n\n<p><\/p><\/div><\/div><p>C.C es reserva el dret de realitzar canvis al portal i als aquests termes i condicions legals en qualsevol moment sense previ av\u00eds. Aquestes condicions constitueixen un acord entre ccosmetics.net i vost\u00e8 en relaci\u00f3 a l&#8217;\u00fas d&#8217;aquest portal.<\/p>","protected":false},"excerpt":{"rendered":"<p>Av\u00eds legal En compliment amb el deure d&#8217;informaci\u00f3 recollit en l&#8217;article 10 de la Llei 34\/2002, de 11 de juliol, de Serveis de la Societat de la Informaci\u00f3 i de Comer\u00e7 Electr\u00f2nic, a continuaci\u00f3 es faciliten les seg\u00fcents dades: l&#8217;empresa titular de l&#8217;domini web \u00e9s CC SCP (en endavant CC), amb domicili a Carrer Nord [&#8230;]\n","protected":false},"author":3,"featured_media":0,"parent":0,"menu_order":0,"comment_status":"closed","ping_status":"closed","template":"","meta":{"footnotes":""},"class_list":["post-2610","page","type-page","status-publish","hentry"],"yoast_head":"<!-- This site is optimized with the Yoast SEO plugin v24.6 - https:\/\/yoast.com\/wordpress\/plugins\/seo\/ -->\n<title>Pol\u00edtica de privacitat - CCosmetics<\/title>\n<meta name=\"robots\" content=\"index, follow, max-snippet:-1, max-image-preview:large, max-video-preview:-1\" \/>\n<link rel=\"canonical\" href=\"https:\/\/www.ccosmetics.net\/ca\/politica-de-privacitat\/\" \/>\n<meta property=\"og:locale\" content=\"ca_ES\" \/>\n<meta property=\"og:type\" content=\"article\" \/>\n<meta property=\"og:title\" content=\"Pol\u00edtica de privacitat - CCosmetics\" \/>\n<meta property=\"og:description\" content=\"Av\u00eds legal En compliment amb el deure d&#8217;informaci\u00f3 recollit en l&#8217;article 10 de la Llei 34\/2002, de 11 de juliol, de Serveis de la Societat de la Informaci\u00f3 i de Comer\u00e7 Electr\u00f2nic, a continuaci\u00f3 es faciliten les seg\u00fcents dades: l&#8217;empresa titular de l&#8217;domini web \u00e9s CC SCP (en endavant CC), amb domicili a Carrer Nord [...]\" \/>\n<meta property=\"og:url\" content=\"https:\/\/www.ccosmetics.net\/ca\/politica-de-privacitat\/\" \/>\n<meta property=\"og:site_name\" content=\"CCosmetics\" \/>\n<meta property=\"article:modified_time\" content=\"2020-12-23T11:37:55+00:00\" \/>\n<meta name=\"twitter:card\" content=\"summary_large_image\" \/>\n<meta name=\"twitter:label1\" content=\"Temps estimat de lectura\" \/>\n\t<meta name=\"twitter:data1\" content=\"4 minuts\" \/>\n<script type=\"application\/ld+json\" class=\"yoast-schema-graph\">{\"@context\":\"https:\/\/schema.org\",\"@graph\":[{\"@type\":\"WebPage\",\"@id\":\"https:\/\/www.ccosmetics.net\/ca\/politica-de-privacitat\/\",\"url\":\"https:\/\/www.ccosmetics.net\/ca\/politica-de-privacitat\/\",\"name\":\"Pol\u00edtica de privacitat - CCosmetics\",\"isPartOf\":{\"@id\":\"https:\/\/www.ccosmetics.net\/ca\/#website\"},\"datePublished\":\"2020-12-01T09:50:56+00:00\",\"dateModified\":\"2020-12-23T11:37:55+00:00\",\"breadcrumb\":{\"@id\":\"https:\/\/www.ccosmetics.net\/ca\/politica-de-privacitat\/#breadcrumb\"},\"inLanguage\":\"ca\",\"potentialAction\":[{\"@type\":\"ReadAction\",\"target\":[\"https:\/\/www.ccosmetics.net\/ca\/politica-de-privacitat\/\"]}]},{\"@type\":\"BreadcrumbList\",\"@id\":\"https:\/\/www.ccosmetics.net\/ca\/politica-de-privacitat\/#breadcrumb\",\"itemListElement\":[{\"@type\":\"ListItem\",\"position\":1,\"name\":\"Portada\",\"item\":\"https:\/\/www.ccosmetics.net\/ca\/\"},{\"@type\":\"ListItem\",\"position\":2,\"name\":\"Pol\u00edtica de privacitat\"}]},{\"@type\":\"WebSite\",\"@id\":\"https:\/\/www.ccosmetics.net\/ca\/#website\",\"url\":\"https:\/\/www.ccosmetics.net\/ca\/\",\"name\":\"CCosmetics\",\"description\":\"Cosmetics\",\"publisher\":{\"@id\":\"https:\/\/www.ccosmetics.net\/ca\/#organization\"},\"potentialAction\":[{\"@type\":\"SearchAction\",\"target\":{\"@type\":\"EntryPoint\",\"urlTemplate\":\"https:\/\/www.ccosmetics.net\/ca\/?s={search_term_string}\"},\"query-input\":{\"@type\":\"PropertyValueSpecification\",\"valueRequired\":true,\"valueName\":\"search_term_string\"}}],\"inLanguage\":\"ca\"},{\"@type\":\"Organization\",\"@id\":\"https:\/\/www.ccosmetics.net\/ca\/#organization\",\"name\":\"Bunique Cosmetics\",\"url\":\"https:\/\/www.ccosmetics.net\/ca\/\",\"logo\":{\"@type\":\"ImageObject\",\"inLanguage\":\"ca\",\"@id\":\"https:\/\/www.ccosmetics.net\/ca\/#\/schema\/logo\/image\/\",\"url\":\"https:\/\/www.ccosmetics.net\/wp-content\/uploads\/2020\/10\/ccosmetics_logo.png\",\"contentUrl\":\"https:\/\/www.ccosmetics.net\/wp-content\/uploads\/2020\/10\/ccosmetics_logo.png\",\"width\":268,\"height\":148,\"caption\":\"Bunique Cosmetics\"},\"image\":{\"@id\":\"https:\/\/www.ccosmetics.net\/ca\/#\/schema\/logo\/image\/\"},\"sameAs\":[\"https:\/\/www.instagram.com\/ccosmeticsvic\/\"]}]}<\/script>\n<!-- \/ Yoast SEO plugin. -->","yoast_head_json":{"title":"Pol\u00edtica de privacitat - CCosmetics","robots":{"index":"index","follow":"follow","max-snippet":"max-snippet:-1","max-image-preview":"max-image-preview:large","max-video-preview":"max-video-preview:-1"},"canonical":"https:\/\/www.ccosmetics.net\/ca\/politica-de-privacitat\/","og_locale":"ca_ES","og_type":"article","og_title":"Pol\u00edtica de privacitat - CCosmetics","og_description":"Av\u00eds legal En compliment amb el deure d&#8217;informaci\u00f3 recollit en l&#8217;article 10 de la Llei 34\/2002, de 11 de juliol, de Serveis de la Societat de la Informaci\u00f3 i de Comer\u00e7 Electr\u00f2nic, a continuaci\u00f3 es faciliten les seg\u00fcents dades: l&#8217;empresa titular de l&#8217;domini web \u00e9s CC SCP (en endavant CC), amb domicili a Carrer Nord [...]","og_url":"https:\/\/www.ccosmetics.net\/ca\/politica-de-privacitat\/","og_site_name":"CCosmetics","article_modified_time":"2020-12-23T11:37:55+00:00","twitter_card":"summary_large_image","twitter_misc":{"Temps estimat de lectura":"4 minuts"},"schema":{"@context":"https:\/\/schema.org","@graph":[{"@type":"WebPage","@id":"https:\/\/www.ccosmetics.net\/ca\/politica-de-privacitat\/","url":"https:\/\/www.ccosmetics.net\/ca\/politica-de-privacitat\/","name":"Pol\u00edtica de privacitat - CCosmetics","isPartOf":{"@id":"https:\/\/www.ccosmetics.net\/ca\/#website"},"datePublished":"2020-12-01T09:50:56+00:00","dateModified":"2020-12-23T11:37:55+00:00","breadcrumb":{"@id":"https:\/\/www.ccosmetics.net\/ca\/politica-de-privacitat\/#breadcrumb"},"inLanguage":"ca","potentialAction":[{"@type":"ReadAction","target":["https:\/\/www.ccosmetics.net\/ca\/politica-de-privacitat\/"]}]},{"@type":"BreadcrumbList","@id":"https:\/\/www.ccosmetics.net\/ca\/politica-de-privacitat\/#breadcrumb","itemListElement":[{"@type":"ListItem","position":1,"name":"Portada","item":"https:\/\/www.ccosmetics.net\/ca\/"},{"@type":"ListItem","position":2,"name":"Pol\u00edtica de privacitat"}]},{"@type":"WebSite","@id":"https:\/\/www.ccosmetics.net\/ca\/#website","url":"https:\/\/www.ccosmetics.net\/ca\/","name":"CCosmetics","description":"Cosmetics","publisher":{"@id":"https:\/\/www.ccosmetics.net\/ca\/#organization"},"potentialAction":[{"@type":"SearchAction","target":{"@type":"EntryPoint","urlTemplate":"https:\/\/www.ccosmetics.net\/ca\/?s={search_term_string}"},"query-input":{"@type":"PropertyValueSpecification","valueRequired":true,"valueName":"search_term_string"}}],"inLanguage":"ca"},{"@type":"Organization","@id":"https:\/\/www.ccosmetics.net\/ca\/#organization","name":"Bunique Cosmetics","url":"https:\/\/www.ccosmetics.net\/ca\/","logo":{"@type":"ImageObject","inLanguage":"ca","@id":"https:\/\/www.ccosmetics.net\/ca\/#\/schema\/logo\/image\/","url":"https:\/\/www.ccosmetics.net\/wp-content\/uploads\/2020\/10\/ccosmetics_logo.png","contentUrl":"https:\/\/www.ccosmetics.net\/wp-content\/uploads\/2020\/10\/ccosmetics_logo.png","width":268,"height":148,"caption":"Bunique Cosmetics"},"image":{"@id":"https:\/\/www.ccosmetics.net\/ca\/#\/schema\/logo\/image\/"},"sameAs":["https:\/\/www.instagram.com\/ccosmeticsvic\/"]}]}},"_links":{"self":[{"href":"https:\/\/www.ccosmetics.net\/ca\/wp-json\/wp\/v2\/pages\/2610","targetHints":{"allow":["GET"]}}],"collection":[{"href":"https:\/\/www.ccosmetics.net\/ca\/wp-json\/wp\/v2\/pages"}],"about":[{"href":"https:\/\/www.ccosmetics.net\/ca\/wp-json\/wp\/v2\/types\/page"}],"author":[{"embeddable":true,"href":"https:\/\/www.ccosmetics.net\/ca\/wp-json\/wp\/v2\/users\/3"}],"replies":[{"embeddable":true,"href":"https:\/\/www.ccosmetics.net\/ca\/wp-json\/wp\/v2\/comments?post=2610"}],"version-history":[{"count":11,"href":"https:\/\/www.ccosmetics.net\/ca\/wp-json\/wp\/v2\/pages\/2610\/revisions"}],"predecessor-version":[{"id":3064,"href":"https:\/\/www.ccosmetics.net\/ca\/wp-json\/wp\/v2\/pages\/2610\/revisions\/3064"}],"wp:attachment":[{"href":"https:\/\/www.ccosmetics.net\/ca\/wp-json\/wp\/v2\/media?parent=2610"}],"curies":[{"name":"wp","href":"https:\/\/api.w.org\/{rel}","templated":true}]}}